{"id":728,"date":"2022-11-14T10:53:42","date_gmt":"2022-11-14T09:53:42","guid":{"rendered":"https:\/\/vju-frankfurt.de\/home\/"},"modified":"2023-02-07T11:20:37","modified_gmt":"2023-02-07T10:20:37","slug":"home","status":"publish","type":"page","link":"https:\/\/vju-frankfurt.de\/en\/","title":{"rendered":"Home"},"content":{"rendered":"<div class=\"wpb-content-wrapper\"><p>[vc_section][vc_row section_type=\u201efullwidth\u201c padding_top_multiplier=\u201c\u201c padding_bottom_multiplier=\u201c\u201c columns_gap=\u201enone\u201c equal_column_height=\u201eequal\u201c tablet_sm_visibility=\u201ehide\u201c mobile_visibility=\u201ehide\u201c el_class=\u201efull-width-right\u201c][vc_column width=\u201e1\/2\u201c content_width=\u201e90\u201c]<\/p><div class=\"grve-empty-space grve-height-6x\"><\/div><h2 class=\"grve-element grve-title grve-align-inherit grve-h2\"><span>Spaces for the future<\/span><\/h2><h4 class=\"grve-element grve-title grve-align-inherit grve-h4\"><span>VJU stands for a building with a vision for modern work<\/span><\/h4><div class=\"grve-empty-space grve-height-1x\"><\/div>[vc_row_inner][vc_column_inner width=\u201e1\/2\u201c][vc_column_text]<span class=\"firstcharacter\">T<\/span>he world of work has progres\u00adsed rapidly. It is diffe\u00adrent today from what it was two years ago. And who knows what it will be in one, five, or ten years from now. Buildings will have to antici\u00adpate this trend, renew themsel\u00adves and offer the people of today as well as those of tomor\u00adrow spaces that allow for concen\u00adtra\u00adtion and creati\u00advity as well as relaxa\u00adtion. But beyond that, they also need to offer quality of stay, light, green\u00adery and optimal connec\u00adtions, so that you can easily reach your desti\u00adna\u00adtion on foot or by bus or train.[\/vc_column_text][\/vc_column_inner][vc_column_inner width=\u201e1\/2\u201c][vc_column_text]In the middle of Frank\u00adfurt, a city that sets natio\u00adnal and inter\u00adna\u00adtio\u00adnal standards, the VJU is the place with a vision which offers employees at a prime business location in the banking district the techni\u00adcal and spatial condi\u00adti\u00adons as well as a relaxed atmosphere for modern work. Step inside.[\/vc_column_text][\/vc_column_inner][\/vc_row_inner]<div class=\"grve-empty-space grve-height-1x\"><\/div><div class=\"grve-element grve-align-inherit\"><a href=\"https:\/\/vju-frankfurt.de\/en\/property\/\" title=\"Objekt\" class=\"grve-btn-text grve-btn-line grve-line-left grve-text-primary-1 grve-text-hover-primary-1 grve-btn-medium\">\n\t\t<div class=\"grve-btn-inner\">\n\t\t<span>read more<\/span>\n\t\t\t<span class=\"grve-line grve-bg-primary-1\"><\/span>\n\t\t\t\t\t\t\t<\/div>\n\t<\/a><\/div><div class=\"grve-empty-space grve-height-6x\"><\/div>[\/vc_column][vc_column width=\u201e1\/2\u201c content_width=\u201e35\u201c vertical_content_position=\u201ebottom\u201c rc_bg_type=\u201eimage\u201c rc_bg_image=\u201e50\u201c rc_font_color=\u201c#ffffff\u201c grve_css=\u201c{\u201edesktop\u201e:{\u201epadding-bottom\u201e:\u201e5%\u201e,\u201epadding-left\u201e:\u201e5%\u201e,\u201eclass\u201e:\u201egrve-wpb-1669888567481\u201e}}\u201c][\/vc_column][\/vc_row][vc_row padding_top_multiplier=\u201e3x\u201c padding_bottom_multiplier=\u201e3x\u201c columns_gap=\u201enone\u201c equal_column_height=\u201eequal\u201c desktop_visibility=\u201ehide\u201c tablet_visibility=\u201ehide\u201c][vc_column content_width=\u201e90\u201c]<h2 class=\"grve-element grve-title grve-align-inherit grve-h2\"><span>Spaces for the future<\/span><\/h2><h4 class=\"grve-element grve-title grve-align-inherit grve-h4\"><span>VJU stands for a building with a vision for modern work<\/span><\/h4><div class=\"grve-empty-space grve-height-1x\"><\/div>[vc_column_text]<span class=\"firstcharacter\">T<\/span>he world of work has progres\u00adsed rapidly. It is diffe\u00adrent today from what it was two years ago. And who knows what it will be in one, five, or ten years from now. Buildings will have to antici\u00adpate this trend, renew themsel\u00adves and offer the people of today as well as those of tomor\u00adrow spaces that allow for concen\u00adtra\u00adtion and creati\u00advity as well as relaxa\u00adtion. But beyond that, they also need to offer quality of stay, light, green\u00adery and optimal connec\u00adtions, so that you can easily reach your desti\u00adna\u00adtion on foot or by bus or&nbsp;train.\n<p>In the middle of Frank\u00adfurt, a city that sets natio\u00adnal and inter\u00adna\u00adtio\u00adnal standards, the VJU is the place with a vision which offers employees at a prime business location in the banking district the techni\u00adcal and spatial condi\u00adti\u00adons as well as a relaxed atmosphere for modern work. Step inside.[\/vc_column_text]<\/p><div class=\"grve-empty-space grve-height-1x\"><\/div><div class=\"grve-element grve-align-inherit\"><a href=\"https:\/\/vju-frankfurt.de\/en\/property\/\" title=\"Objekt\" class=\"grve-btn-text grve-btn-line grve-line-left grve-text-primary-1 grve-text-hover-primary-1 grve-btn-medium\">\n\t\t<div class=\"grve-btn-inner\">\n\t\t<span>read more<\/span>\n\t\t\t<span class=\"grve-line grve-bg-primary-1\"><\/span>\n\t\t\t\t\t\t\t<\/div>\n\t<\/a><\/div><div class=\"grve-empty-space grve-height-1x\"><\/div><div class=\"grve-element grve-image grve-align-center\">\n\t<div class=\"grve-image-item\">\n\t\t\n\n<div class=\"grve-image-wrapper grve-no-effect\">\n\t\t<div class=\"grve-thumbnail-wrapper\" style=\"width: 1500px;\"><div class=\"grve-thumbnail\" style=\"padding-top: 56.267%;\"><img loading=\"lazy\" decoding=\"async\" width=\"1500\" height=\"844\" src=\"https:\/\/vju-frankfurt.de\/wp-content\/uploads\/2022\/11\/MLF_OG4_Office_AA_002@1x.jpg\" class=\"attachment-full size-full\" alt srcset=\"https:\/\/vju-frankfurt.de\/wp-content\/uploads\/2022\/11\/MLF_OG4_Office_AA_002@1x.jpg 1x,https:\/\/vju-frankfurt.de\/wp-content\/uploads\/2022\/11\/MLF_OG4_Office_AA_002@2x.jpg 2x\" data-column-space=\"auto\" data-lazyload data-grve-filter=\"yes\"><\/div><\/div>\t<\/div>\n\t<\/div>\n<\/div>\n[\/vc_column][\/vc_row][\/vc_section][vc_section el_id=\u201eLage\u201c][vc_row section_type=\u201efullwidth\u201c padding_top_multiplier=\u201e4x\u201c padding_bottom_multiplier=\u201e4x\u201c rc_heading_color=\u201ewhite\u201c rc_bg_type=\u201ecolor\u201c equal_column_height=\u201eequal\u201c rc_bg_color=\u201e#344451\u201c rc_font_color=\u201c#ffffff\u201c el_class=\u201efull-width-left\u201c][vc_column width=\u201e1\/2\u201c content_width=\u201e75\u201c horizontal_content_position=\u201ecenter\u201c vertical_content_position=\u201emiddle\u201c]<div class=\"grve-element grve-image grve-align-center\">\n\t<div class=\"grve-image-item\">\n\t\t\n\n<div class=\"grve-image-wrapper grve-no-effect\">\n\t\t<div class=\"grve-thumbnail-wrapper\" style=\"width: 1920px;\"><div class=\"grve-thumbnail\" style=\"padding-top: 70.99%;\"><img loading=\"lazy\" decoding=\"async\" width=\"1920\" height=\"1363\" src=\"https:\/\/vju-frankfurt.de\/wp-content\/uploads\/2022\/12\/simon-thomas-m_RVPMga6wk-unsplash.jpg\" class=\"attachment-full size-full\" alt srcset=\"https:\/\/vju-frankfurt.de\/wp-content\/uploads\/2022\/12\/simon-thomas-m_RVPMga6wk-unsplash.jpg 1x,https:\/\/vju-frankfurt.de\/wp-content\/uploads\/2022\/12\/simon-thomas-m_RVPMga6wk-unsplash@2x-scaled.jpg 2x\" data-column-space=\"auto\" data-lazyload data-grve-filter=\"yes\"><\/div><\/div>\t<\/div>\n\t<\/div>\n<\/div>\n[\/vc_column][vc_column width=\u201e1\/2\u201c vertical_content_position=\u201emiddle\u201c]<h2 class=\"grve-element grve-title grve-align-inherit grve-h2\"><span>Perfectly accessible from all over the&nbsp;world<\/span><\/h2><h4 class=\"grve-element grve-title grve-align-inherit grve-h4\"><span>Modernity and history, living and working - Mainzer Landstra\u00dfe has it&nbsp;all.<\/span><\/h4><div class=\"grve-empty-space grve-height-1x\"><\/div>[vc_row_inner][vc_column_inner width=\u201e1\/2\u201c][vc_column_text]<span class=\"firstcharacter\">T<\/span>here is hardly any other street in Frank\u00adfurt where you can experi\u00adence the Main metro\u00adpo\u00adlis in all its diver\u00adsity. Anyone who takes a stroll along it from number 1 to 846 quickly reali\u00adses that Frank\u00adfurt is much more than its office towers reaching for the sky: there are bank headquar\u00adters, simple residen\u00adtial buildings as well as magni\u00adfi\u00adcent buildings from the turn of the century, some medieval archi\u00adtec\u00adture at the Gallus\u00adwarte, a lot of city traffic, a lot of urbanity, a lot of inter\u00adna\u00adtio\u00adnal flair.[\/vc_column_text][\/vc_column_inner][vc_column_inner width=\u201e1\/2\u201c][vc_column_text]Mainzer Landstra\u00dfe crosses the districts of Westend, Bahnhofs\u00advier\u00adtel, Gallus, Gries\u00adheim, Nied. It starts as part of the ring-shaped Wall Park at Taunus\u00adan\u00adlage with the Old Opera house, the twin towers of Deutsche Bank, past the Trade Fair, Fried\u00adrich-Ebert- Anlage and Platz der Republik until it ends exactly 8.3 kms later at the Niddam mouth of the Main River.[\/vc_column_text][\/vc_column_inner][\/vc_row_inner]<div class=\"grve-empty-space grve-height-1x\"><\/div><div class=\"grve-element grve-align-inherit\"><a href=\"https:\/\/vju-frankfurt.de\/en\/location\/\" title=\"Lage\" class=\"grve-btn-text grve-btn-line grve-line-left grve-text-primary-1 grve-text-hover-primary-1 grve-btn-medium\">\n\t\t<div class=\"grve-btn-inner\">\n\t\t<span>read more<\/span>\n\t\t\t<span class=\"grve-line grve-bg-primary-1\"><\/span>\n\t\t\t\t\t\t\t<\/div>\n\t<\/a><\/div>[\/vc_column][\/vc_row][\/vc_section][vc_section el_id=\u201eObjekt\u201c][vc_row section_type=\u201efullwidth\u201c padding_top_multiplier=\u201c\u201c padding_bottom_multiplier=\u201c\u201c columns_gap=\u201enone\u201c equal_column_height=\u201eequal\u201c tablet_sm_visibility=\u201ehide\u201c mobile_visibility=\u201ehide\u201c el_class=\u201efull-width-right\u201c][vc_column width=\u201e1\/2\u201c content_width=\u201e90\u201c]<div class=\"grve-empty-space grve-height-6x\"><\/div><h2 class=\"grve-element grve-title grve-align-inherit grve-h2\"><span>A modern landmark<\/span><\/h2><h4 class=\"grve-element grve-title grve-align-inherit grve-h4\"><span>The VJU is more than just functional. It offers new perspectives.<\/span><\/h4><div class=\"grve-empty-space grve-height-1x\"><\/div>[vc_row_inner][vc_column_inner width=\u201e1\/2\u201c][vc_column_text]<span class=\"firstcharacter\">L<\/span>ike a boldly placed eagle\u2018s aerie, the upper floors perch majes\u00adti\u00adcally atop the promi\u00adnent nine-storey VJU in Frankfurt\u2018s banking district. The property from 1998 with its classi\u00adcally modern design language, the charac\u00adte\u00adristic cubes, the corners and tapering edges, the verti\u00adcal struts is anything but merely functional. It is a central focal point and a landmark property that stands out due to its promi\u00adnent corner location on Mainzer Landstra\u00dfe, corner of Fran\u00e7ois-Mitte\u00adrand-Platz and its artis\u00adti\u00adcally joined building structures.\n<p>The building was already exten\u00adsi\u00advely moder\u00adnised in 2009.[\/vc_column_text][\/vc_column_inner][vc_column_inner width=\u201e1\/2\u201c][vc_column_text]Now a further refur\u00adbish\u00adment and thus an upgrade of the property is on the agenda in order to make the VJU fit for the future and to trans\u00adform it into a place with a high quality of stay for tenants, visitors and custo\u00admers - an ideal and repre\u00adsen\u00adta\u00adtive location for compa\u00adnies, both estab\u00adlished and emerging. One compo\u00adnent of the reposi\u00adtio\u00adning is the exten\u00adsion of the roof terraces on the seventh and eighth floors, which are not yet fully equip\u00adped. These will be the crowning addition to the balco\u00adnies and terraces already located on each of those floors. As a matter of course, the modern classic property also has modern equip\u00adment details, lifts, an under\u00adground car park and flexi\u00adble floor plans for indivi\u00addual or open-space offices - for New Work in the new VJU.[\/vc_column_text][\/vc_column_inner][\/vc_row_inner]<\/p><div class=\"grve-empty-space grve-height-1x\"><\/div><div class=\"grve-element grve-align-inherit\"><a href=\"https:\/\/vju-frankfurt.de\/en\/property\/\" title=\"Objekt\" class=\"grve-btn-text grve-btn-line grve-line-left grve-text-primary-1 grve-text-hover-primary-1 grve-btn-medium\">\n\t\t<div class=\"grve-btn-inner\">\n\t\t<span>read more<\/span>\n\t\t\t<span class=\"grve-line grve-bg-primary-1\"><\/span>\n\t\t\t\t\t\t\t<\/div>\n\t<\/a><\/div><div class=\"grve-empty-space grve-height-6x\"><\/div>[\/vc_column][vc_column width=\u201e1\/2\u201c content_width=\u201e35\u201c horizontal_content_position=\u201eright\u201c vertical_content_position=\u201ebottom\u201c rc_bg_type=\u201eimage\u201c rc_bg_image=\u201e810\u201c rc_bg_color_overlay=\u201eblack\u201c rc_bg_opacity_overlay=\u201e20\u201c rc_font_color=\u201c#ffffff\u201c grve_css=\u201c{\u201edesktop\u201e:{\u201epadding-right\u201e:\u201e5%\u201e,\u201epadding-bottom\u201e:\u201e5%\u201e,\u201eclass\u201e:\u201egrve-wpb-1675765182024\u201e}}\u201c][\/vc_column][\/vc_row][vc_row section_type=\u201efullwidth\u201c padding_top_multiplier=\u201e3x\u201c padding_bottom_multiplier=\u201e3x\u201c columns_gap=\u201enone\u201c equal_column_height=\u201eequal\u201c desktop_visibility=\u201ehide\u201c tablet_visibility=\u201ehide\u201c el_class=\u201efull-width-right\u201c][vc_column content_width=\u201e90\u201c]<h2 class=\"grve-element grve-title grve-align-inherit grve-h2\"><span>A modern landmark<\/span><\/h2><h4 class=\"grve-element grve-title grve-align-inherit grve-h4\"><span>The VJU is more than just functional. It offers new perspectives.<\/span><\/h4><div class=\"grve-empty-space grve-height-1x\"><\/div>[vc_column_text]<span class=\"firstcharacter\">W<\/span>ike a boldly placed eagle\u2018s aerie, the upper floors perch majes\u00adti\u00adcally atop the promi\u00adnent nine-storey VJU in Frankfurt\u2018s banking district. The property from 1998 with its classi\u00adcally modern design language, the charac\u00adte\u00adristic cubes, the corners and tapering edges, the verti\u00adcal struts is anything but merely functional. It is a central focal point and a landmark property that stands out due to its promi\u00adnent corner location on Mainzer Landstra\u00dfe, corner of Fran\u00e7ois-Mitte\u00adrand-Platz and its artis\u00adti\u00adcally joined building structures.\n<p>The building was already exten\u00adsi\u00advely moder\u00adnised in 2009. Now a further refur\u00adbish\u00adment and thus an upgrade of the property is on the agenda in order to make the VJU fit for the future and to trans\u00adform it into a place with a high quality of stay for tenants, visitors and custo\u00admers - an ideal and repre\u00adsen\u00adta\u00adtive location for compa\u00adnies, both estab\u00adlished and emerging. One compo\u00adnent of the reposi\u00adtio\u00adning is the exten\u00adsion of the roof terraces on the seventh and eighth floors, which are not yet fully equip\u00adped. These will be the crowning addition to the balco\u00adnies and terraces already located on each of those floors. As a matter of course, the modern classic property also has modern equip\u00adment details, lifts, an under\u00adground car park and flexi\u00adble floor plans for indivi\u00addual or open-space offices - for New Work in the new VJU.[\/vc_column_text]<\/p><div class=\"grve-empty-space grve-height-1x\"><\/div><div class=\"grve-element grve-align-inherit\"><a href=\"https:\/\/vju-frankfurt.de\/en\/property\/\" title=\"Objekt\" class=\"grve-btn-text grve-btn-line grve-line-left grve-text-primary-1 grve-text-hover-primary-1 grve-btn-medium\">\n\t\t<div class=\"grve-btn-inner\">\n\t\t<span>read more<\/span>\n\t\t\t<span class=\"grve-line grve-bg-primary-1\"><\/span>\n\t\t\t\t\t\t\t<\/div>\n\t<\/a><\/div><div class=\"grve-empty-space grve-height-1x\"><\/div><div class=\"grve-element grve-image grve-align-center\">\n\t<div class=\"grve-image-item\">\n\t\t\n\n<div class=\"grve-image-wrapper grve-no-effect\">\n\t\t<div class=\"grve-thumbnail-wrapper\" style=\"width: 938px;\"><div class=\"grve-thumbnail\" style=\"padding-top: 159.915%;\"><img loading=\"lazy\" decoding=\"async\" width=\"938\" height=\"1500\" src=\"https:\/\/vju-frankfurt.de\/wp-content\/uploads\/2022\/11\/MLF_AA_Street_002_Draft3@1x.jpg\" class=\"attachment-full size-full\" alt srcset=\"https:\/\/vju-frankfurt.de\/wp-content\/uploads\/2022\/11\/MLF_AA_Street_002_Draft3@1x.jpg 1x,https:\/\/vju-frankfurt.de\/wp-content\/uploads\/2022\/11\/MLF_AA_Street_002_Draft3@2x.jpg 2x\" data-column-space=\"auto\" data-lazyload data-grve-filter=\"yes\"><\/div><\/div>\t<\/div>\n\t<\/div>\n<\/div>\n<div class=\"grve-empty-space grve-height-1x\"><\/div>[\/vc_column][\/vc_row][\/vc_section][vc_section el_id=\u201eGrundrisse\u201c][vc_row padding_top_multiplier=\u201e4x\u201c padding_bottom_multiplier=\u201e2x\u201c rc_heading_color=\u201ewhite\u201c rc_bg_type=\u201ecolor\u201c tablet_sm_visibility=\u201ehide\u201c mobile_visibility=\u201ehide\u201c rc_bg_color=\u201e#344451\u201c rc_font_color=\u201c#ffffff\u201c][vc_column width=\u201e1\/4\u201c][\/vc_column][vc_column width=\u201e1\/2\u201c]<h4 class=\"grve-element grve-title grve-align-center grve-h4\"><span>The VJU is more than just functional. It offers new perspectives.<\/span><\/h4>[\/vc_column][vc_column width=\u201e1\/4\u201c][\/vc_column][\/vc_row][vc_row section_type=\u201efullwidth\u201c padding_top_multiplier=\u201c\u201c padding_bottom_multiplier=\u201e4x\u201c rc_heading_color=\u201ewhite\u201c rc_bg_type=\u201ecolor\u201c equal_column_height=\u201eequal\u201c tablet_sm_visibility=\u201ehide\u201c mobile_visibility=\u201ehide\u201c rc_bg_color=\u201e#344451\u201c rc_font_color=\u201c#ffffff\u201c][vc_column width=\u201e1\/4\u201c content_width=\u201e75\u201c horizontal_content_position=\u201ecenter\u201c vertical_content_position=\u201emiddle\u201c text_align=\u201ecenter\u201c el_class=\u201egedreht\u201c]<h2 class=\"grve-element grve-title grve-align-inherit grve-h2\"><span>Floorplans<\/span><\/h2>[\/vc_column][vc_column width=\u201e1\/2\u201c content_width=\u201e50\u201c horizontal_content_position=\u201ecenter\u201c rc_bg_type=\u201ecolor\u201c rc_bg_color=\u201e#94acb5\u201c]<div class=\"grve-element grve-slider grve-layout-1 grve-image-auto-width grundrisse-home-slider\">\n\t<div class=\"grve-carousel-wrapper\">\n\t\t\t<div class=\"grve-carousel-navigation grve-navigation-arrow-1\">\n\t\t<div class=\"grve-carousel-buttons\">\n\t\t\t<div class=\"grve-carousel-prev\"><div class=\"grve-svg-icon grve-direction-left grve-arrow-1 grve-svg-black grve-with-shape grve-circle grve-bg-white\">\t\t\t<svg width=\"12px\" height=\"12px\" viewBox=\"0 0 12 12\">\n\t\t\t\t<polygon points=\"3.6 0 10 6 3.6 12 2 10.5 6.8 6 2 1.5\" \/>\n\t\t\t<\/svg>\n\t\t\t<\/div><\/div>\n\t\t\t<div class=\"grve-carousel-next\"><div class=\"grve-svg-icon grve-direction-right grve-arrow-1 grve-svg-black grve-with-shape grve-circle grve-bg-white\">\t\t\t<svg width=\"12px\" height=\"12px\" viewBox=\"0 0 12 12\">\n\t\t\t\t<polygon points=\"3.6 0 10 6 3.6 12 2 10.5 6.8 6 2 1.5\" \/>\n\t\t\t<\/svg>\n\t\t\t<\/div><\/div>\n\t\t<\/div>\n\t<\/div>\n\t\t<div data-slider-autoplay=\"yes\" data-slider-loop=\"yes\" data-slider-speed=\"5000\" data-slider-pause=\"no\" data-slider-transition=\"slide\" data-slider-autoheight data-pagination=\"yes\" data-pagination-speed=\"800\" class=\"grve-slider-element\">\n\t\t\t<div class=\"grve-slider-item\">\n\t\t\t\t\n\n<div class=\"grve-image-wrapper grve-radius- grve-shadow- grve-no-effect\">\n\t\t<div class=\"grve-thumbnail-wrapper\" style=\"width: 1936px;\"><div class=\"grve-thumbnail\" style=\"padding-top: 195.3%;\"><img loading=\"lazy\" decoding=\"async\" width=\"1936\" height=\"3781\" src=\"https:\/\/vju-frankfurt.de\/wp-content\/uploads\/2023\/01\/1-OG.svg\" class=\"attachment-impeka-grve-fullscreen size-impeka-grve-fullscreen\" alt data-lazyload data-grve-filter=\"yes\"><\/div><\/div>\t<\/div>\n\t\t\t<\/div>\n\t\t\t<div class=\"grve-slider-item\">\n\t\t\t\t\n\n<div class=\"grve-image-wrapper grve-radius- grve-shadow- grve-no-effect\">\n\t\t<div class=\"grve-thumbnail-wrapper\" style=\"width: 1936px;\"><div class=\"grve-thumbnail\" style=\"padding-top: 195.3%;\"><img loading=\"lazy\" decoding=\"async\" width=\"1936\" height=\"3781\" src=\"https:\/\/vju-frankfurt.de\/wp-content\/uploads\/2023\/01\/3-OG.svg\" class=\"attachment-impeka-grve-fullscreen size-impeka-grve-fullscreen\" alt data-lazyload data-grve-filter=\"yes\"><\/div><\/div>\t<\/div>\n\t\t\t<\/div>\n\t\t\t<div class=\"grve-slider-item\">\n\t\t\t\t\n\n<div class=\"grve-image-wrapper grve-radius- grve-shadow- grve-no-effect\">\n\t\t<div class=\"grve-thumbnail-wrapper\" style=\"width: 1936px;\"><div class=\"grve-thumbnail\" style=\"padding-top: 195.3%;\"><img loading=\"lazy\" decoding=\"async\" width=\"1936\" height=\"3781\" src=\"https:\/\/vju-frankfurt.de\/wp-content\/uploads\/2023\/01\/4-OG.svg\" class=\"attachment-impeka-grve-fullscreen size-impeka-grve-fullscreen\" alt data-lazyload data-grve-filter=\"yes\"><\/div><\/div>\t<\/div>\n\t\t\t<\/div>\n\t\t\t<div class=\"grve-slider-item\">\n\t\t\t\t\n\n<div class=\"grve-image-wrapper grve-radius- grve-shadow- grve-no-effect\">\n\t\t<div class=\"grve-thumbnail-wrapper\" style=\"width: 1936px;\"><div class=\"grve-thumbnail\" style=\"padding-top: 195.3%;\"><img loading=\"lazy\" decoding=\"async\" width=\"1936\" height=\"3781\" src=\"https:\/\/vju-frankfurt.de\/wp-content\/uploads\/2023\/01\/5-OG.svg\" class=\"attachment-impeka-grve-fullscreen size-impeka-grve-fullscreen\" alt data-lazyload data-grve-filter=\"yes\"><\/div><\/div>\t<\/div>\n\t\t\t<\/div>\n\t\t<\/div>\n\t<\/div>\n<\/div>\n[\/vc_column][vc_column width=\u201e1\/4\u201c vertical_content_position=\u201emiddle\u201c text_align=\u201ecenter\u201c]<div class=\"grve-element grve-align-inherit gedreht\"><a href=\"https:\/\/vju-frankfurt.de\/en\/floorplans\/\" title=\"Grundrisse\" class=\"grve-btn-text grve-btn-line grve-line-left grve-text-primary-1 grve-text-hover-primary-1 grve-btn-medium\">\n\t\t<div class=\"grve-btn-inner\">\n\t\t<span>read more<\/span>\n\t\t\t<span class=\"grve-line grve-bg-primary-1\"><\/span>\n\t\t\t\t\t\t\t<\/div>\n\t<\/a><\/div>[\/vc_column][\/vc_row][vc_row padding_top_multiplier=\u201e3x\u201c padding_bottom_multiplier=\u201e3x\u201c rc_bg_type=\u201ecolor\u201c desktop_visibility=\u201ehide\u201c tablet_visibility=\u201ehide\u201c rc_bg_color=\u201e#94acb5\u201c][vc_column text_align=\u201ecenter\u201c]<h2 class=\"grve-element grve-title grve-align-inherit grve-h2\"><span>Floorplans<\/span><\/h2><h4 class=\"grve-element grve-title grve-align-center grve-h4\"><span>The VJU is more than just functional. It offers new perspectives.<\/span><\/h4><div class=\"grve-element grve-slider grve-layout-1 grve-image-auto-width grundrisse-home-slider\">\n\t<div class=\"grve-carousel-wrapper\">\n\t\t\t<div class=\"grve-carousel-navigation grve-navigation-arrow-1\">\n\t\t<div class=\"grve-carousel-buttons\">\n\t\t\t<div class=\"grve-carousel-prev\"><div class=\"grve-svg-icon grve-direction-left grve-arrow-1 grve-svg-black grve-with-shape grve-circle grve-bg-white\">\t\t\t<svg width=\"12px\" height=\"12px\" viewBox=\"0 0 12 12\">\n\t\t\t\t<polygon points=\"3.6 0 10 6 3.6 12 2 10.5 6.8 6 2 1.5\" \/>\n\t\t\t<\/svg>\n\t\t\t<\/div><\/div>\n\t\t\t<div class=\"grve-carousel-next\"><div class=\"grve-svg-icon grve-direction-right grve-arrow-1 grve-svg-black grve-with-shape grve-circle grve-bg-white\">\t\t\t<svg width=\"12px\" height=\"12px\" viewBox=\"0 0 12 12\">\n\t\t\t\t<polygon points=\"3.6 0 10 6 3.6 12 2 10.5 6.8 6 2 1.5\" \/>\n\t\t\t<\/svg>\n\t\t\t<\/div><\/div>\n\t\t<\/div>\n\t<\/div>\n\t\t<div data-slider-autoplay=\"yes\" data-slider-loop=\"yes\" data-slider-speed=\"5000\" data-slider-pause=\"no\" data-slider-transition=\"slide\" data-slider-autoheight data-pagination=\"yes\" data-pagination-speed=\"800\" class=\"grve-slider-element\">\n\t\t\t<div class=\"grve-slider-item\">\n\t\t\t\t\n\n<div class=\"grve-image-wrapper grve-radius- grve-shadow- grve-no-effect\">\n\t\t<div class=\"grve-thumbnail-wrapper\" style=\"width: 1936px;\"><div class=\"grve-thumbnail\" style=\"padding-top: 195.3%;\"><img loading=\"lazy\" decoding=\"async\" width=\"1936\" height=\"3781\" src=\"https:\/\/vju-frankfurt.de\/wp-content\/uploads\/2023\/01\/1-OG.svg\" class=\"attachment-impeka-grve-fullscreen size-impeka-grve-fullscreen\" alt data-lazyload data-grve-filter=\"yes\"><\/div><\/div>\t<\/div>\n\t\t\t<\/div>\n\t\t\t<div class=\"grve-slider-item\">\n\t\t\t\t\n\n<div class=\"grve-image-wrapper grve-radius- grve-shadow- grve-no-effect\">\n\t\t<div class=\"grve-thumbnail-wrapper\" style=\"width: 1936px;\"><div class=\"grve-thumbnail\" style=\"padding-top: 195.3%;\"><img loading=\"lazy\" decoding=\"async\" width=\"1936\" height=\"3781\" src=\"https:\/\/vju-frankfurt.de\/wp-content\/uploads\/2023\/01\/3-OG.svg\" class=\"attachment-impeka-grve-fullscreen size-impeka-grve-fullscreen\" alt data-lazyload data-grve-filter=\"yes\"><\/div><\/div>\t<\/div>\n\t\t\t<\/div>\n\t\t\t<div class=\"grve-slider-item\">\n\t\t\t\t\n\n<div class=\"grve-image-wrapper grve-radius- grve-shadow- grve-no-effect\">\n\t\t<div class=\"grve-thumbnail-wrapper\" style=\"width: 1936px;\"><div class=\"grve-thumbnail\" style=\"padding-top: 195.3%;\"><img loading=\"lazy\" decoding=\"async\" width=\"1936\" height=\"3781\" src=\"https:\/\/vju-frankfurt.de\/wp-content\/uploads\/2023\/01\/4-OG.svg\" class=\"attachment-impeka-grve-fullscreen size-impeka-grve-fullscreen\" alt data-lazyload data-grve-filter=\"yes\"><\/div><\/div>\t<\/div>\n\t\t\t<\/div>\n\t\t\t<div class=\"grve-slider-item\">\n\t\t\t\t\n\n<div class=\"grve-image-wrapper grve-radius- grve-shadow- grve-no-effect\">\n\t\t<div class=\"grve-thumbnail-wrapper\" style=\"width: 1936px;\"><div class=\"grve-thumbnail\" style=\"padding-top: 195.3%;\"><img loading=\"lazy\" decoding=\"async\" width=\"1936\" height=\"3781\" src=\"https:\/\/vju-frankfurt.de\/wp-content\/uploads\/2023\/01\/5-OG.svg\" class=\"attachment-impeka-grve-fullscreen size-impeka-grve-fullscreen\" alt data-lazyload data-grve-filter=\"yes\"><\/div><\/div>\t<\/div>\n\t\t\t<\/div>\n\t\t<\/div>\n\t<\/div>\n<\/div>\n<div class=\"grve-empty-space grve-height-1x\"><\/div><div class=\"grve-element grve-align-inherit gedreht\"><a href=\"https:\/\/vju-frankfurt.de\/en\/floorplans\/\" title=\"Grundrisse\" class=\"grve-btn-text grve-btn-line grve-line-left grve-text-primary-1 grve-text-hover-primary-1 grve-btn-medium\">\n\t\t<div class=\"grve-btn-inner\">\n\t\t<span>read more<\/span>\n\t\t\t<span class=\"grve-line grve-bg-primary-1\"><\/span>\n\t\t\t\t\t\t\t<\/div>\n\t<\/a><\/div>[\/vc_column][\/vc_row][\/vc_section]\n<\/div>","protected":false},"excerpt":{"rendered":"<p>[vc_section][vc_row section_type=\u201efullwidth\u201c padding_top_multiplier=\u201c\u201c padding_bottom_multiplier=\u201c\u201c columns_gap=\u201enone\u201c equal_column_height=\u201eequal\u201c tablet_sm_visibility=\u201ehide\u201c mobile_visibility=\u201ehide\u201c el_class=\u201efull-width-right\u201c][vc_column width=\u201e1\/2\u201c content_width=\u201e90\u201c][vc_row_inner][vc_column_inner width=\u201e1\/2\u201c][vc_column_text]The world of work has progres\u00adsed rapidly. It is diffe\u00adrent today from what it was two years ago. And who knows what it will be in one, five, or ten years from now. Buildings will have to antici\u00adpate this trend, renew themsel\u00adves and&nbsp;offer&nbsp;[\u2026]<\/p>\n","protected":false},"author":1,"featured_media":808,"parent":0,"menu_order":0,"comment_status":"closed","ping_status":"open","template":"","meta":{"wp_typography_post_enhancements_disabled":false,"footnotes":""},"class_list":["post-728","page","type-page","status-publish","has-post-thumbnail","hentry","grve-entry-item"],"yoast_head":"<!-- This site is optimized with the Yoast SEO plugin v27.2 - https:\/\/yoast.com\/product\/yoast-seo-wordpress\/ -->\n<title>VJU Frankfurt - R\u00e4ume f\u00fcr die Zukunft<\/title>\n<meta name=\"description\" content=\"Im VJU ist alles bereit, f\u00fcr die neue Art zu arbeiten. Das Interior-Konzept antizipiert die Trends von morgen und verschafft Mietern und Besuchern eine behagliche wie funktionale Atmosph\u00e4re.\" \/>\n<meta name=\"robots\" content=\"index, follow, max-snippet:-1, max-image-preview:large, max-video-preview:-1\" \/>\n<link rel=\"canonical\" href=\"https:\/\/vju-frankfurt.de\/en\/\" \/>\n<meta property=\"og:locale\" content=\"en_US\" \/>\n<meta property=\"og:type\" content=\"article\" \/>\n<meta property=\"og:title\" content=\"VJU Frankfurt - R\u00e4ume f\u00fcr die Zukunft\" \/>\n<meta property=\"og:description\" content=\"Im VJU ist alles bereit, f\u00fcr die neue Art zu arbeiten. Das Interior-Konzept antizipiert die Trends von morgen und verschafft Mietern und Besuchern eine behagliche wie funktionale Atmosph\u00e4re.\" \/>\n<meta property=\"og:url\" content=\"https:\/\/vju-frankfurt.de\/en\/\" \/>\n<meta property=\"og:site_name\" content=\"VJU\" \/>\n<meta property=\"article:modified_time\" content=\"2023-02-07T10:20:37+00:00\" \/>\n<meta property=\"og:image\" content=\"https:\/\/vju-frankfurt.de\/wp-content\/uploads\/2023\/02\/230207-VJU-gebaeude-aussen-.jpg\" \/>\n\t<meta property=\"og:image:width\" content=\"2000\" \/>\n\t<meta property=\"og:image:height\" content=\"1546\" \/>\n\t<meta property=\"og:image:type\" content=\"image\/jpeg\" \/>\n<meta name=\"twitter:card\" content=\"summary_large_image\" \/>\n<meta name=\"twitter:label1\" content=\"Est. reading time\" \/>\n\t<meta name=\"twitter:data1\" content=\"7 minutes\" \/>\n<script type=\"application\/ld+json\" class=\"yoast-schema-graph\">{\"@context\":\"https:\/\/schema.org\",\"@graph\":[{\"@type\":\"WebPage\",\"@id\":\"https:\/\/vju-frankfurt.de\/en\/\",\"url\":\"https:\/\/vju-frankfurt.de\/en\/\",\"name\":\"VJU Frankfurt - R\u00e4ume f\u00fcr die Zukunft\",\"isPartOf\":{\"@id\":\"https:\/\/vju-frankfurt.de\/#website\"},\"primaryImageOfPage\":{\"@id\":\"https:\/\/vju-frankfurt.de\/en\/#primaryimage\"},\"image\":{\"@id\":\"https:\/\/vju-frankfurt.de\/en\/#primaryimage\"},\"thumbnailUrl\":\"https:\/\/vju-frankfurt.de\/wp-content\/uploads\/2023\/02\/230207-VJU-gebaeude-aussen-.jpg\",\"datePublished\":\"2022-11-14T09:53:42+00:00\",\"dateModified\":\"2023-02-07T10:20:37+00:00\",\"description\":\"Im VJU ist alles bereit, f\u00fcr die neue Art zu arbeiten. Das Interior-Konzept antizipiert die Trends von morgen und verschafft Mietern und Besuchern eine behagliche wie funktionale Atmosph\u00e4re.\",\"breadcrumb\":{\"@id\":\"https:\/\/vju-frankfurt.de\/en\/#breadcrumb\"},\"inLanguage\":\"en-US\",\"potentialAction\":[{\"@type\":\"ReadAction\",\"target\":[\"https:\/\/vju-frankfurt.de\/en\/\"]}]},{\"@type\":\"ImageObject\",\"inLanguage\":\"en-US\",\"@id\":\"https:\/\/vju-frankfurt.de\/en\/#primaryimage\",\"url\":\"https:\/\/vju-frankfurt.de\/wp-content\/uploads\/2023\/02\/230207-VJU-gebaeude-aussen-.jpg\",\"contentUrl\":\"https:\/\/vju-frankfurt.de\/wp-content\/uploads\/2023\/02\/230207-VJU-gebaeude-aussen-.jpg\",\"width\":2000,\"height\":1546},{\"@type\":\"BreadcrumbList\",\"@id\":\"https:\/\/vju-frankfurt.de\/en\/#breadcrumb\",\"itemListElement\":[{\"@type\":\"ListItem\",\"position\":1,\"name\":\"Startseite\",\"item\":\"https:\/\/vju-frankfurt.de\/en\/\"},{\"@type\":\"ListItem\",\"position\":2,\"name\":\"Home\"}]},{\"@type\":\"WebSite\",\"@id\":\"https:\/\/vju-frankfurt.de\/#website\",\"url\":\"https:\/\/vju-frankfurt.de\/\",\"name\":\"VJU\",\"description\":\"\",\"publisher\":{\"@id\":\"https:\/\/vju-frankfurt.de\/#organization\"},\"alternateName\":\"Ein modernes Landmark\",\"potentialAction\":[{\"@type\":\"SearchAction\",\"target\":{\"@type\":\"EntryPoint\",\"urlTemplate\":\"https:\/\/vju-frankfurt.de\/?s={search_term_string}\"},\"query-input\":{\"@type\":\"PropertyValueSpecification\",\"valueRequired\":true,\"valueName\":\"search_term_string\"}}],\"inLanguage\":\"en-US\"},{\"@type\":\"Organization\",\"@id\":\"https:\/\/vju-frankfurt.de\/#organization\",\"name\":\"VJU\",\"url\":\"https:\/\/vju-frankfurt.de\/\",\"logo\":{\"@type\":\"ImageObject\",\"inLanguage\":\"en-US\",\"@id\":\"https:\/\/vju-frankfurt.de\/#\/schema\/logo\/image\/\",\"url\":\"https:\/\/vju-frankfurt.de\/wp-content\/uploads\/2022\/11\/Logo-black.svg\",\"contentUrl\":\"https:\/\/vju-frankfurt.de\/wp-content\/uploads\/2022\/11\/Logo-black.svg\",\"width\":465,\"height\":400,\"caption\":\"VJU\"},\"image\":{\"@id\":\"https:\/\/vju-frankfurt.de\/#\/schema\/logo\/image\/\"}}]}<\/script>\n<!-- \/ Yoast SEO plugin. -->","yoast_head_json":{"title":"VJU Frankfurt - R\u00e4ume f\u00fcr die Zukunft","description":"Im VJU ist alles bereit, f\u00fcr die neue Art zu arbeiten. Das Interior-Konzept antizipiert die Trends von morgen und verschafft Mietern und Besuchern eine behagliche wie funktionale Atmosph\u00e4re.","robots":{"index":"index","follow":"follow","max-snippet":"max-snippet:-1","max-image-preview":"max-image-preview:large","max-video-preview":"max-video-preview:-1"},"canonical":"https:\/\/vju-frankfurt.de\/en\/","og_locale":"en_US","og_type":"article","og_title":"VJU Frankfurt - R\u00e4ume f\u00fcr die Zukunft","og_description":"Im VJU ist alles bereit, f\u00fcr die neue Art zu arbeiten. Das Interior-Konzept antizipiert die Trends von morgen und verschafft Mietern und Besuchern eine behagliche wie funktionale Atmosph\u00e4re.","og_url":"https:\/\/vju-frankfurt.de\/en\/","og_site_name":"VJU","article_modified_time":"2023-02-07T10:20:37+00:00","og_image":[{"width":2000,"height":1546,"url":"https:\/\/vju-frankfurt.de\/wp-content\/uploads\/2023\/02\/230207-VJU-gebaeude-aussen-.jpg","type":"image\/jpeg"}],"twitter_card":"summary_large_image","twitter_misc":{"Est. reading time":"7 minutes"},"schema":{"@context":"https:\/\/schema.org","@graph":[{"@type":"WebPage","@id":"https:\/\/vju-frankfurt.de\/en\/","url":"https:\/\/vju-frankfurt.de\/en\/","name":"VJU Frankfurt - R\u00e4ume f\u00fcr die Zukunft","isPartOf":{"@id":"https:\/\/vju-frankfurt.de\/#website"},"primaryImageOfPage":{"@id":"https:\/\/vju-frankfurt.de\/en\/#primaryimage"},"image":{"@id":"https:\/\/vju-frankfurt.de\/en\/#primaryimage"},"thumbnailUrl":"https:\/\/vju-frankfurt.de\/wp-content\/uploads\/2023\/02\/230207-VJU-gebaeude-aussen-.jpg","datePublished":"2022-11-14T09:53:42+00:00","dateModified":"2023-02-07T10:20:37+00:00","description":"Im VJU ist alles bereit, f\u00fcr die neue Art zu arbeiten. Das Interior-Konzept antizipiert die Trends von morgen und verschafft Mietern und Besuchern eine behagliche wie funktionale Atmosph\u00e4re.","breadcrumb":{"@id":"https:\/\/vju-frankfurt.de\/en\/#breadcrumb"},"inLanguage":"en-US","potentialAction":[{"@type":"ReadAction","target":["https:\/\/vju-frankfurt.de\/en\/"]}]},{"@type":"ImageObject","inLanguage":"en-US","@id":"https:\/\/vju-frankfurt.de\/en\/#primaryimage","url":"https:\/\/vju-frankfurt.de\/wp-content\/uploads\/2023\/02\/230207-VJU-gebaeude-aussen-.jpg","contentUrl":"https:\/\/vju-frankfurt.de\/wp-content\/uploads\/2023\/02\/230207-VJU-gebaeude-aussen-.jpg","width":2000,"height":1546},{"@type":"BreadcrumbList","@id":"https:\/\/vju-frankfurt.de\/en\/#breadcrumb","itemListElement":[{"@type":"ListItem","position":1,"name":"Startseite","item":"https:\/\/vju-frankfurt.de\/en\/"},{"@type":"ListItem","position":2,"name":"Home"}]},{"@type":"WebSite","@id":"https:\/\/vju-frankfurt.de\/#website","url":"https:\/\/vju-frankfurt.de\/","name":"VJU","description":"","publisher":{"@id":"https:\/\/vju-frankfurt.de\/#organization"},"alternateName":"Ein modernes Landmark","potentialAction":[{"@type":"SearchAction","target":{"@type":"EntryPoint","urlTemplate":"https:\/\/vju-frankfurt.de\/?s={search_term_string}"},"query-input":{"@type":"PropertyValueSpecification","valueRequired":true,"valueName":"search_term_string"}}],"inLanguage":"en-US"},{"@type":"Organization","@id":"https:\/\/vju-frankfurt.de\/#organization","name":"VJU","url":"https:\/\/vju-frankfurt.de\/","logo":{"@type":"ImageObject","inLanguage":"en-US","@id":"https:\/\/vju-frankfurt.de\/#\/schema\/logo\/image\/","url":"https:\/\/vju-frankfurt.de\/wp-content\/uploads\/2022\/11\/Logo-black.svg","contentUrl":"https:\/\/vju-frankfurt.de\/wp-content\/uploads\/2022\/11\/Logo-black.svg","width":465,"height":400,"caption":"VJU"},"image":{"@id":"https:\/\/vju-frankfurt.de\/#\/schema\/logo\/image\/"}}]}},"_links":{"self":[{"href":"https:\/\/vju-frankfurt.de\/en\/wp-json\/wp\/v2\/pages\/728","targetHints":{"allow":["GET"]}}],"collection":[{"href":"https:\/\/vju-frankfurt.de\/en\/wp-json\/wp\/v2\/pages"}],"about":[{"href":"https:\/\/vju-frankfurt.de\/en\/wp-json\/wp\/v2\/types\/page"}],"author":[{"embeddable":true,"href":"https:\/\/vju-frankfurt.de\/en\/wp-json\/wp\/v2\/users\/1"}],"replies":[{"embeddable":true,"href":"https:\/\/vju-frankfurt.de\/en\/wp-json\/wp\/v2\/comments?post=728"}],"version-history":[{"count":8,"href":"https:\/\/vju-frankfurt.de\/en\/wp-json\/wp\/v2\/pages\/728\/revisions"}],"predecessor-version":[{"id":815,"href":"https:\/\/vju-frankfurt.de\/en\/wp-json\/wp\/v2\/pages\/728\/revisions\/815"}],"wp:featuredmedia":[{"embeddable":true,"href":"https:\/\/vju-frankfurt.de\/en\/wp-json\/wp\/v2\/media\/808"}],"wp:attachment":[{"href":"https:\/\/vju-frankfurt.de\/en\/wp-json\/wp\/v2\/media?parent=728"}],"curies":[{"name":"wp","href":"https:\/\/api.w.org\/{rel}","templated":true}]}}